{"id":718,"date":"2013-09-03T22:50:42","date_gmt":"2013-09-03T22:50:42","guid":{"rendered":"http:\/\/www.letrasdesatendidas.com.ar\/?page_id=718"},"modified":"2016-01-20T02:44:26","modified_gmt":"2016-01-20T02:44:26","slug":"quienes-somos","status":"publish","type":"page","link":"https:\/\/www.letrasdesatendidas.com.ar\/?page_id=718","title":{"rendered":"\u00bfQui\u00e9nes somos?"},"content":{"rendered":"<p><div class=\"video\"><div class=\"video-wrapper\"><iframe loading=\"lazy\" src=\"https:\/\/www.youtube.com\/embed\/jasxlAqTaCA?rel=0&amp;showinfo=0\" width=\"1280\" height=\"720\" frameborder=\"0\" allowfullscreen=\"allowfullscreen\"><\/iframe><\/div><\/div><\/p>\n<p><strong>MAR\u00cdA PAZ PANIEGO<\/strong><\/p>\n<p style=\"text-align: justify;\"><span style=\"color: #000000;\">REDACCI\u00d3N<\/span><\/p>\n<p style=\"text-align: justify;\">Soy periodista y creo en el poder de la palabra para poder mostrar, y a su vez cambiar, otras realidades. Escribo mucho, hablo m\u00e1s de lo que escribo, y pienso m\u00e1s de lo que hablo.<\/p>\n<p style=\"text-align: justify;\"><img loading=\"lazy\" decoding=\"async\" class=\"alignleft  wp-image-847\" src=\"http:\/\/www.letrasdesatendidas.com.ar\/wp-content\/uploads\/2013\/09\/1382105_10151979992173623_2007721194_n.jpg\" alt=\"1382105_10151979992173623_2007721194_n\" width=\"373\" height=\"248\" srcset=\"https:\/\/www.letrasdesatendidas.com.ar\/wp-content\/uploads\/2013\/09\/1382105_10151979992173623_2007721194_n.jpg 960w, https:\/\/www.letrasdesatendidas.com.ar\/wp-content\/uploads\/2013\/09\/1382105_10151979992173623_2007721194_n-300x200.jpg 300w\" sizes=\"auto, (max-width: 373px) 100vw, 373px\" \/>Trabajo haciendo la comunicaci\u00f3n territorial en villas de la Ciudad de Buenos Aires\u00a0para la Secretar\u00eda de H\u00e1bitat e Inclusi\u00f3n, y encuentro en mi vocaci\u00f3n de periodista la combinaci\u00f3n perfecta entre las dos cosas que m\u00e1s me mueven en mi vida: escribir e intentar mejorar la sociedad en la que vivimos. Con proyectos como Letras Desatendidas, y por suerte tambi\u00e9n en mi trabajo, siento que se cumplen estas dos pasiones al mismo tiempo.<\/p>\n<p style=\"text-align: justify;\"><span style=\"text-align: justify;\">Soy curiosa y abierta para conocer otras formas de entender la realidad. Creo que es en el encuentro con el otro, en el conocer su historia, que podemos ver nuestra vida de otra manera: valorar lo que tenemos, a\u00f1orar aquello que nos falta, y movernos para conseguir lo que sabemos que nos lleva a ser mejores. Y, ya que estamos, romper la enorme cantidad de prejuicios que todos inevitablemente cargamos a cuestas.<\/span><\/p>\n<p style=\"text-align: justify;\"><span style=\"text-align: justify;\">Constante buscadora de historias, defensora de los grises, y due\u00f1a de un optimismo que de a ratos roza el idealismo&#8230;<\/span><\/p>\n<p><a class=\"twitter-follow-button\" href=\"https:\/\/twitter.com\/PachuPaniego\" data-show-count=\"false\">Follow @PachuPaniego<\/a><\/p>\n<h3 style=\"text-align: right;\"><strong>DIEGO SOJO<\/strong><\/h3>\n<p style=\"text-align: right;\"><span style=\"color: #000000;\">FOTOGRAF\u00cdA<br \/>\n<\/span><\/p>\n<p style=\"text-align: justify;\">Podr\u00eda definirme como nerd de chico ja, siempre preguntando \u00abY c\u00f3mo funciona esto? Y lo otro?\u00bb, desarmando cosas&#8230;bastante curioso de por s\u00ed.<\/p>\n<p style=\"text-align: justify;\">M\u00e1s de grande por diversas experiencias, personas, amigos, relaciones, fui ampliando un poco mi mundo y sin darme cuenta termin\u00e9 sacando fotos, haciendo teatro, radio, aprendiendo a tocar el caj\u00f3n y qu\u00e9 se yo&#8230; haciendo cosas que invitan, dir\u00eda mi amiga Eugenia.<img loading=\"lazy\" decoding=\"async\" class=\"  wp-image-109 alignright\" src=\"http:\/\/www.letrasdesatendidas.com.ar\/wp-content\/uploads\/2011\/08\/26217_10150186446415553_649935552_11894514_6460600_n1.jpg\" alt=\"26217_10150186446415553_649935552_11894514_6460600_n1\" width=\"372\" height=\"249\" srcset=\"https:\/\/www.letrasdesatendidas.com.ar\/wp-content\/uploads\/2011\/08\/26217_10150186446415553_649935552_11894514_6460600_n1.jpg 720w, https:\/\/www.letrasdesatendidas.com.ar\/wp-content\/uploads\/2011\/08\/26217_10150186446415553_649935552_11894514_6460600_n1-300x200.jpg 300w, https:\/\/www.letrasdesatendidas.com.ar\/wp-content\/uploads\/2011\/08\/26217_10150186446415553_649935552_11894514_6460600_n1-630x420.jpg 630w\" sizes=\"auto, (max-width: 372px) 100vw, 372px\" \/><\/p>\n<p style=\"text-align: justify;\">Trabajo en sistemas con una empresa propia, INTUEGO.com. Me recib\u00ed de Lic. en Administracion de Empresas y queda un final para terminar Analisista en Sistemas&#8230; Formo parte del consejo de emprendedores INICIA ong: les recomiendo que la conozcan si est\u00e1n emprendiendo porque ah\u00ed van a poder encontrar montones de cosas \u00fatiles (cursos, capacitaciones, charlas y ante todo mucha gente que anda en la misma). Adem\u00e1s, tengo una productora con mi hermano Lucas y su amiga Feli.<\/p>\n<p style=\"text-align: justify;\">Me fascina el r\u00edo y sobre todo respirar. Me autodefino como un total emprendedor, me gusta todo lo social. De a momentos un total acelerado de la vida y de a otros con una inmensidad de paz. Me gusta mucho la charla y el compartir. Creo en que se puede generar el cambio a trav\u00e9s del ejemplo y \u00bfQu\u00e9 m\u00e1s&#8230;? Que se yo, la foto me define bastante de por s\u00ed.<\/p>\n<p><a class=\"twitter-follow-button\" href=\"https:\/\/twitter.com\/diegorsojo\" data-show-count=\"false\">Follow @diegorsojo<\/a><br \/>\n<script type=\"mce-text\/javascript\">\/\/ <![CDATA[\n!function(d,s,id){var js,fjs=d.getElementsByTagName(s)[0];if(!d.getElementById(id)){js=d.createElement(s);js.id=id;js.src=\"\/\/platform.twitter.com\/widgets.js\";fjs.parentNode.insertBefore(js,fjs);}}(document,\"script\",\"twitter-wjs\");\n\/\/ ]]><\/script><br \/><div class=\"video\"><div class=\"video-wrapper\"><iframe loading=\"lazy\" src=\"https:\/\/www.youtube.com\/embed\/EZgYYpclb2U?rel=0&amp;showinfo=0\" width=\"1280\" height=\"720\" frameborder=\"0\" allowfullscreen=\"allowfullscreen\"><\/iframe><\/div><\/div><br \/><div class=\"video\"><div class=\"video-wrapper\"><iframe loading=\"lazy\" width=\"1280\" height=\"720\" src=\"https:\/\/www.youtube.com\/embed\/jtSXkwjk77A?rel=0&amp;showinfo=0\" frameborder=\"0\" allowfullscreen><\/iframe><\/div><\/div><br \/>\n<script type=\"mce-text\/javascript\">\/\/ <![CDATA[\n(function(d, s, id) {   var js, fjs = d.getElementsByTagName(s)[0];   if (d.getElementById(id)) {return;}   js = d.createElement(s); js.id = id;   js.src = \"\/\/connect.facebook.net\/en_US\/all.js#xfbml=1\";   fjs.parentNode.insertBefore(js, fjs); }(document, 'script', 'facebook-jssdk'));\n\/\/ ]]><\/script><\/p>\n<div class=\"fb-like\" data-width=\"450\" data-show-faces=\"true\" data-send=\"true\" data-href=\"http:\/\/http:\/\/www.letrasdesatendidas.com.ar\/?page_id=66\"><\/div>\n<p>&nbsp;<\/p>\n<p style=\"text-align: center;\"><p class=\"wpcf7-contact-form-not-found\"><strong>Error:<\/strong> Formulario de contacto no encontrado.<\/p><br \/>\n<script type=\"mce-text\/javascript\">\/\/ <![CDATA[\n!function(d,s,id){var js,fjs=d.getElementsByTagName(s)[0];if(!d.getElementById(id)){js=d.createElement(s);js.id=id;js.src=\"\/\/platform.twitter.com\/widgets.js\";fjs.parentNode.insertBefore(js,fjs);}}(document,\"script\",\"twitter-wjs\");\n\/\/ ]]><\/script><\/p>\n","protected":false},"excerpt":{"rendered":"<p>MAR\u00cdA PAZ PANIEGO REDACCI\u00d3N Soy periodista y creo en el poder de la palabra para poder mostrar, y a su vez cambiar, otras realidades. Escribo mucho, hablo m\u00e1s de lo que escribo, y pienso m\u00e1s de lo que hablo. Trabajo haciendo la comunicaci\u00f3n territorial en villas de la Ciudad de Buenos Aires\u00a0para la Secretar\u00eda de [&hellip;]<\/p>\n","protected":false},"author":1,"featured_media":902,"parent":0,"menu_order":5,"comment_status":"open","ping_status":"closed","template":"","meta":{"footnotes":""},"class_list":["post-718","page","type-page","status-publish","has-post-thumbnail","hentry"],"_links":{"self":[{"href":"https:\/\/www.letrasdesatendidas.com.ar\/index.php?rest_route=\/wp\/v2\/pages\/718","targetHints":{"allow":["GET"]}}],"collection":[{"href":"https:\/\/www.letrasdesatendidas.com.ar\/index.php?rest_route=\/wp\/v2\/pages"}],"about":[{"href":"https:\/\/www.letrasdesatendidas.com.ar\/index.php?rest_route=\/wp\/v2\/types\/page"}],"author":[{"embeddable":true,"href":"https:\/\/www.letrasdesatendidas.com.ar\/index.php?rest_route=\/wp\/v2\/users\/1"}],"replies":[{"embeddable":true,"href":"https:\/\/www.letrasdesatendidas.com.ar\/index.php?rest_route=%2Fwp%2Fv2%2Fcomments&post=718"}],"version-history":[{"count":13,"href":"https:\/\/www.letrasdesatendidas.com.ar\/index.php?rest_route=\/wp\/v2\/pages\/718\/revisions"}],"predecessor-version":[{"id":1117,"href":"https:\/\/www.letrasdesatendidas.com.ar\/index.php?rest_route=\/wp\/v2\/pages\/718\/revisions\/1117"}],"wp:featuredmedia":[{"embeddable":true,"href":"https:\/\/www.letrasdesatendidas.com.ar\/index.php?rest_route=\/wp\/v2\/media\/902"}],"wp:attachment":[{"href":"https:\/\/www.letrasdesatendidas.com.ar\/index.php?rest_route=%2Fwp%2Fv2%2Fmedia&parent=718"}],"curies":[{"name":"wp","href":"https:\/\/api.w.org\/{rel}","templated":true}]}}